{"id":66275,"date":"2025-07-30T19:32:45","date_gmt":"2025-07-30T17:32:45","guid":{"rendered":"https:\/\/www.colorker.com\/colecciones\/origen\/"},"modified":"2026-03-30T22:18:37","modified_gmt":"2026-03-30T20:18:37","slug":"origen","status":"publish","type":"colecciones","link":"https:\/\/www.colorker.com\/fr\/colecciones\/stone-community\/origen\/","title":{"rendered":"Origen"},"content":{"rendered":"<p>Origen est issue d\u2019une pierre naturelle extraite d\u2019une carri\u00e8re du Cambodge. Son graphisme sur fond clair, parsem\u00e9 de fossiles aux tons chauds et de d\u00e9licates veines blanches, riche en nuances organiques, transmet une profonde s\u00e9r\u00e9nit\u00e9 visuelle et une authenticit\u00e9 intemporelle, aujourd\u2019hui r\u00e9interpr\u00e9t\u00e9es sur une surface c\u00e9ramique \u00e9quilibr\u00e9e et raffin\u00e9e. Gr\u00e2ce \u00e0 la technologie Spectra, la collection pr\u00e9sente une texture douce qui rehausse son caract\u00e8re tactile sans alt\u00e9rer la puret\u00e9 esth\u00e9tique de l\u2019ensemble.<br \/>\nD\u00e9clin\u00e9e en une seule couleur &#8211; Bone &#8211; elle est disponible dans les formats 59.5&#215;59.5 cm, 59.5&#215;119.2 cm, 90&#215;90 cm et 120&#215;120 cm en finition mate. Et si des espaces ext\u00e9rieurs figurent dans votre projet, vous trouverez \u00e9galement des versions Grip+ au format 90&#215;90 cm et 120&#215;120 cm.<br \/>\nOrigen est une collection con\u00e7ue pour des espaces qui privil\u00e9gient le naturel, l\u2019\u00e9ternit\u00e9 et l\u2019\u00e9l\u00e9gance essentielle ; une proposition c\u00e9ramique qui interpr\u00e8te l\u2019h\u00e9ritage fossile de la pierre d\u2019un point de vue contemporain.<br \/>\nLa collection s&rsquo;enrichit de deux d\u00e9cors au format 59,5 x 119,2 cm qui explorent de nouvelles interpr\u00e9tations de la pierre \u00e0 partir de la subtilit\u00e9 du relief. Decor pr\u00e9sente une structure de bandes r\u00e9guli\u00e8res qui parcourent la surface \u00e0 un rythme lent, cr\u00e9ant un jeu d&rsquo;ombres et de lumi\u00e8res tr\u00e8s \u00e9quilibr\u00e9. Lines, quant \u00e0 lui, interpr\u00e8te le relief d&rsquo;un point de vue plus contemporain, avec des lignes fines et horizontales qui s&rsquo;\u00e9coulent naturellement, apportant une sensation de continuit\u00e9 et d&rsquo;amplitude.<br \/>\nLes deux designs partagent une \u00e9l\u00e9gance contenue et une profondeur visuelle qui enrichissent l&rsquo;ensemble sans alt\u00e9rer sa s\u00e9r\u00e9nit\u00e9 essentielle, \u00e9largissant les possibilit\u00e9s d\u00e9coratives d&rsquo;Origen avec une sensibilit\u00e9 chaleureuse, sobre et intemporelle.<\/p>\n","protected":false},"parent":66428,"menu_order":0,"template":"","meta":{"_acf_changed":false},"color":[303],"efecto":[528],"espacio":[484,488,492,496,500,504],"formato":[338,342,346,356,365,438],"tipo":[274,284,295,569],"uso":[509,513],"class_list":["post-66275","colecciones","type-colecciones","status-publish","hentry","color-carreaux-gris","efecto-carreaux-pierre","espacio-carreaux-salle-de-bain","espacio-carreaux-cuisine","espacio-carreaux-salon","espacio-carreaux-espace-public","espacio-carreaux-chambre-a-coucher","espacio-carreaux-exterieur","formato-carreaux-moyens","formato-carreaux-grands","formato-90-90-2-carreaux-grands","formato-60-60-3-carreaux-moyens","formato-60-120-2-carreaux-grands","formato-120-120-2-carreaux-grands","tipo-gres-cerame","tipo-mate-2","tipo-spectra-3d-3","tipo-grip-fr","uso-carrelage-de-sol","uso-faience"],"acf":[],"yoast_head":"<!-- This site is optimized with the Yoast SEO plugin v27.5 - https:\/\/yoast.com\/product\/yoast-seo-wordpress\/ -->\n<title>Origen - Colorker<\/title>\n<meta name=\"robots\" content=\"index, follow, max-snippet:-1, max-image-preview:large, max-video-preview:-1\" \/>\n<link rel=\"canonical\" href=\"https:\/\/www.colorker.com\/fr\/colecciones\/stone-community\/origen\/\" \/>\n<meta property=\"og:locale\" content=\"fr_FR\" \/>\n<meta property=\"og:type\" content=\"article\" \/>\n<meta property=\"og:title\" content=\"Origen - Colorker\" \/>\n<meta property=\"og:description\" content=\"Origen est issue d\u2019une pierre naturelle extraite d\u2019une carri\u00e8re du Cambodge. Son graphisme sur fond clair, parsem\u00e9 de fossiles aux tons chauds et de d\u00e9licates veines blanches, riche en nuances organiques, transmet une profonde s\u00e9r\u00e9nit\u00e9 visuelle et une authenticit\u00e9 intemporelle, aujourd\u2019hui r\u00e9interpr\u00e9t\u00e9es sur une surface c\u00e9ramique \u00e9quilibr\u00e9e et raffin\u00e9e. Gr\u00e2ce \u00e0 la technologie Spectra, la [&hellip;]\" \/>\n<meta property=\"og:url\" content=\"https:\/\/www.colorker.com\/fr\/colecciones\/stone-community\/origen\/\" \/>\n<meta property=\"og:site_name\" content=\"Colorker\" \/>\n<meta property=\"article:modified_time\" content=\"2026-03-30T20:18:37+00:00\" \/>\n<meta name=\"twitter:card\" content=\"summary_large_image\" \/>\n<meta name=\"twitter:label1\" content=\"Dur\u00e9e de lecture estim\u00e9e\" \/>\n\t<meta name=\"twitter:data1\" content=\"2 minutes\" \/>\n<script type=\"application\/ld+json\" class=\"yoast-schema-graph\">{\"@context\":\"https:\\\/\\\/schema.org\",\"@graph\":[{\"@type\":\"WebPage\",\"@id\":\"https:\\\/\\\/www.colorker.com\\\/fr\\\/colecciones\\\/stone-community\\\/origen\\\/\",\"url\":\"https:\\\/\\\/www.colorker.com\\\/fr\\\/colecciones\\\/stone-community\\\/origen\\\/\",\"name\":\"Origen - Colorker\",\"isPartOf\":{\"@id\":\"https:\\\/\\\/www.colorker.com\\\/fr\\\/#website\"},\"datePublished\":\"2025-07-30T17:32:45+00:00\",\"dateModified\":\"2026-03-30T20:18:37+00:00\",\"breadcrumb\":{\"@id\":\"https:\\\/\\\/www.colorker.com\\\/fr\\\/colecciones\\\/stone-community\\\/origen\\\/#breadcrumb\"},\"inLanguage\":\"fr-FR\",\"potentialAction\":[{\"@type\":\"ReadAction\",\"target\":[\"https:\\\/\\\/www.colorker.com\\\/fr\\\/colecciones\\\/stone-community\\\/origen\\\/\"]}]},{\"@type\":\"BreadcrumbList\",\"@id\":\"https:\\\/\\\/www.colorker.com\\\/fr\\\/colecciones\\\/stone-community\\\/origen\\\/#breadcrumb\",\"itemListElement\":[{\"@type\":\"ListItem\",\"position\":1,\"name\":\"Portada\",\"item\":\"https:\\\/\\\/www.colorker.com\\\/fr\\\/\"},{\"@type\":\"ListItem\",\"position\":2,\"name\":\"Stone community\",\"item\":\"https:\\\/\\\/www.colorker.com\\\/fr\\\/colecciones\\\/stone-community\\\/\"},{\"@type\":\"ListItem\",\"position\":3,\"name\":\"Origen\"}]},{\"@type\":\"WebSite\",\"@id\":\"https:\\\/\\\/www.colorker.com\\\/fr\\\/#website\",\"url\":\"https:\\\/\\\/www.colorker.com\\\/fr\\\/\",\"name\":\"Colorker\",\"description\":\"\",\"potentialAction\":[{\"@type\":\"SearchAction\",\"target\":{\"@type\":\"EntryPoint\",\"urlTemplate\":\"https:\\\/\\\/www.colorker.com\\\/fr\\\/?s={search_term_string}\"},\"query-input\":{\"@type\":\"PropertyValueSpecification\",\"valueRequired\":true,\"valueName\":\"search_term_string\"}}],\"inLanguage\":\"fr-FR\"}]}<\/script>\n<!-- \/ Yoast SEO plugin. -->","yoast_head_json":{"title":"Origen - Colorker","robots":{"index":"index","follow":"follow","max-snippet":"max-snippet:-1","max-image-preview":"max-image-preview:large","max-video-preview":"max-video-preview:-1"},"canonical":"https:\/\/www.colorker.com\/fr\/colecciones\/stone-community\/origen\/","og_locale":"fr_FR","og_type":"article","og_title":"Origen - Colorker","og_description":"Origen est issue d\u2019une pierre naturelle extraite d\u2019une carri\u00e8re du Cambodge. Son graphisme sur fond clair, parsem\u00e9 de fossiles aux tons chauds et de d\u00e9licates veines blanches, riche en nuances organiques, transmet une profonde s\u00e9r\u00e9nit\u00e9 visuelle et une authenticit\u00e9 intemporelle, aujourd\u2019hui r\u00e9interpr\u00e9t\u00e9es sur une surface c\u00e9ramique \u00e9quilibr\u00e9e et raffin\u00e9e. Gr\u00e2ce \u00e0 la technologie Spectra, la [&hellip;]","og_url":"https:\/\/www.colorker.com\/fr\/colecciones\/stone-community\/origen\/","og_site_name":"Colorker","article_modified_time":"2026-03-30T20:18:37+00:00","twitter_card":"summary_large_image","twitter_misc":{"Dur\u00e9e de lecture estim\u00e9e":"2 minutes"},"schema":{"@context":"https:\/\/schema.org","@graph":[{"@type":"WebPage","@id":"https:\/\/www.colorker.com\/fr\/colecciones\/stone-community\/origen\/","url":"https:\/\/www.colorker.com\/fr\/colecciones\/stone-community\/origen\/","name":"Origen - Colorker","isPartOf":{"@id":"https:\/\/www.colorker.com\/fr\/#website"},"datePublished":"2025-07-30T17:32:45+00:00","dateModified":"2026-03-30T20:18:37+00:00","breadcrumb":{"@id":"https:\/\/www.colorker.com\/fr\/colecciones\/stone-community\/origen\/#breadcrumb"},"inLanguage":"fr-FR","potentialAction":[{"@type":"ReadAction","target":["https:\/\/www.colorker.com\/fr\/colecciones\/stone-community\/origen\/"]}]},{"@type":"BreadcrumbList","@id":"https:\/\/www.colorker.com\/fr\/colecciones\/stone-community\/origen\/#breadcrumb","itemListElement":[{"@type":"ListItem","position":1,"name":"Portada","item":"https:\/\/www.colorker.com\/fr\/"},{"@type":"ListItem","position":2,"name":"Stone community","item":"https:\/\/www.colorker.com\/fr\/colecciones\/stone-community\/"},{"@type":"ListItem","position":3,"name":"Origen"}]},{"@type":"WebSite","@id":"https:\/\/www.colorker.com\/fr\/#website","url":"https:\/\/www.colorker.com\/fr\/","name":"Colorker","description":"","potentialAction":[{"@type":"SearchAction","target":{"@type":"EntryPoint","urlTemplate":"https:\/\/www.colorker.com\/fr\/?s={search_term_string}"},"query-input":{"@type":"PropertyValueSpecification","valueRequired":true,"valueName":"search_term_string"}}],"inLanguage":"fr-FR"}]}},"_links":{"self":[{"href":"https:\/\/www.colorker.com\/fr\/wp-json\/wp\/v2\/colecciones\/66275","targetHints":{"allow":["GET"]}}],"collection":[{"href":"https:\/\/www.colorker.com\/fr\/wp-json\/wp\/v2\/colecciones"}],"about":[{"href":"https:\/\/www.colorker.com\/fr\/wp-json\/wp\/v2\/types\/colecciones"}],"up":[{"embeddable":true,"href":"https:\/\/www.colorker.com\/fr\/wp-json\/wp\/v2\/colecciones\/66428"}],"wp:attachment":[{"href":"https:\/\/www.colorker.com\/fr\/wp-json\/wp\/v2\/media?parent=66275"}],"wp:term":[{"taxonomy":"color","embeddable":true,"href":"https:\/\/www.colorker.com\/fr\/wp-json\/wp\/v2\/color?post=66275"},{"taxonomy":"efecto","embeddable":true,"href":"https:\/\/www.colorker.com\/fr\/wp-json\/wp\/v2\/efecto?post=66275"},{"taxonomy":"espacio","embeddable":true,"href":"https:\/\/www.colorker.com\/fr\/wp-json\/wp\/v2\/espacio?post=66275"},{"taxonomy":"formato","embeddable":true,"href":"https:\/\/www.colorker.com\/fr\/wp-json\/wp\/v2\/formato?post=66275"},{"taxonomy":"tipo","embeddable":true,"href":"https:\/\/www.colorker.com\/fr\/wp-json\/wp\/v2\/tipo?post=66275"},{"taxonomy":"uso","embeddable":true,"href":"https:\/\/www.colorker.com\/fr\/wp-json\/wp\/v2\/uso?post=66275"}],"curies":[{"name":"wp","href":"https:\/\/api.w.org\/{rel}","templated":true}]}}